{"id":11990,"date":"2024-07-13T10:58:53","date_gmt":"2024-07-13T10:58:53","guid":{"rendered":"https:\/\/fernwerkfilms.ch\/?post_type=haru_video&#038;p=11990"},"modified":"2024-11-04T09:05:38","modified_gmt":"2024-11-04T09:05:38","slug":"2020-le-mani-film-projekt","status":"publish","type":"haru_video","link":"https:\/\/fernwerkfilms.ch\/?haru_video=2020-le-mani-film-projekt","title":{"rendered":"Le Mani"},"content":{"rendered":"\n<p class=\"has-medium-font-size\"><strong>Die Corona-Pandemie hat uns unverhofft getroffen. Wir mussten lernen, mit dieser Ungewissheit umzugehen und hatten pl\u00f6tzlich Zeit, die wir anderweitig zu nutzen hatten. F\u00fcr Risikogruppen hiess das aber auch, in der t\u00e4glichen Unabh\u00e4ngigkeit eingeschr\u00e4nkt zu sein.<\/strong><\/p>\n\n\n\n<p class=\"has-medium-font-size\">Das Zentrum f\u00fcr Parkinson und Bewegungsst\u00f6rung (ZfPB) der Universit\u00e4tsklinik f\u00fcr Neurologie hat unter der Leitung von Dr. Ines Debove im Fr\u00fchjahr das Filmprojekt \u00abKreativit\u00e4t in Zeiten von Corona\u00bb ins Leben gerufen. Parkinsonbetroffene wurden gebeten, ein Video einzuschicken, in dem sie zeigen, auf welche Art und Weise sie kreativ sind in dieser herausfordernden Zeit.<\/p>\n\n\n\n<h2 class=\"wp-block-heading\">Kurzfilm \u00abLe Mani\u00bb &#8211; Kreativit\u00e4t mit Parkinson in Geb\u00e4rdensprache<\/h2>\n\n\n\n<div class=\"wp-block-columns is-layout-flex wp-container-core-columns-is-layout-9d6595d7 wp-block-columns-is-layout-flex\">\n<div class=\"wp-block-column is-layout-flow wp-block-column-is-layout-flow\" style=\"flex-basis:100%\">\n<p class=\"has-medium-font-size\">Ziel war es, ein Kurzfilm zu schaffen, der die unterschiedlichen, positiven Aspekte der Kreativit\u00e4t der Parkinsonbetroffenen zeigt und die einzelnen Lebensk\u00fcnstler in Zeiten des Physical Distancings zusammenf\u00fchrt.<\/p>\n<\/div>\n<\/div>\n\n\n\n<p class=\"has-medium-font-size\">Bettina Rotzetter, die Filmproduzentin, hat aus den vielen unterschiedlichen Einsendungen den einf\u00fchlsamen und inspirierenden Film \u00abLe mani\u00bb erschaffen, der die Kreativit\u00e4t der dieser Lebensk\u00fcnstler zeigt.<\/p>\n\n\n\n<p class=\"has-medium-font-size\">Der Film wurde in 16 Sprachen untertitelt. Zus\u00e4tzlich wurde eine Version mit Geb\u00e4rdensprache erstellt, damit auch diese Community, die durch das Tragen von Masken Schwierigkeiten hat im kommunikativen Leben teilzunehmen, ebenfalls integriert ist.<\/p>\n\n\n\n<p class=\"has-medium-font-size\">Protagonisten:<\/p>\n\n\n\n<p class=\"has-medium-font-size\"><strong><em>Hans Daxelhoffer<\/em><\/strong> lebt seit 12 Jahren mit Parkinson. Eine Operation vor zwei Jahren hat ihm auch das Malen wieder erm\u00f6glicht \u2013 eine Leidenschaft, der er heute noch nachgeht.<\/p>\n\n\n\n<p class=\"has-medium-font-size\"><strong>Agnes von K\u00e4nel<\/strong> lebt seit 12 Jahren mit Parkinson. Nachdem sie die Diagnose erhalten hatte und ihrem Mann nachsah, wie er das erste Mal ohne sie zur Orchesterprobe fuhr, fing sie an zu Modellieren und Kollagen herzustellen. Hierbei benutzt sie eine vorgegebene Form und f\u00fcllt diese mit ihren pers\u00f6nlichen Funden ihrer \u00abSchatzsuche\u00bb aus, welche mit jedem neuen Teil das Gesamtbild ver\u00e4ndert und eine neue Tiefe gibt.<\/p>\n\n\n\n<p class=\"has-medium-font-size\"><strong>Pietro Stranges <\/strong>lebt seit 13 Jahren mit Parkinson. Er arbeitet gerne in seinem Garten und in seiner Werkstatt, wo er Oldtimer restauriert und Gegenst\u00e4nde aus Holz anfertigt. Ebenso ist er ein Wortk\u00fcnstler und schreibt gerne Gedichte, in welchen er die zahlreichen Ideen und Gedanken festh\u00e4lt, welche ihn ber\u00fchren.<\/p>\n\n\n\n<p class=\"has-medium-font-size\"><strong>Michael Lehmann und Patrick Wenger<\/strong> leben seit 13 bzw. 17 Jahren mit Parkinson. Michael und Patrick verbindet eine grosse Leidenschaft zur Technik und zu Naturph\u00e4nomenen. Tropfinson ist eine Wassertropfenfotografie, welche durch die Verbindung von Elektronik, Computer und Fotografie entstanden ist.<\/p>\n\n\n\n<p class=\"has-medium-font-size\"><strong>Silvia Lerch <\/strong>lebt seit 5 Jahren mit Parkinson. Sie ist Gr\u00fcnderin des Vereines Move4ypd. Ihre Vision ist es junge Menschen, welche an M. Parkinson erkrankt sind, untereinander zu vernetzen, zu motivieren sowie Wissen und Erfahrungen auszutauschen. Ihr Verein ben\u00fctzt kreative Wege, um trotz Corona weiterhin einen regen Austausch zu erm\u00f6glichen.<\/p>\n\n\n\n<p class=\"has-medium-font-size\"><strong>Urs Bratschi<\/strong> lebt seit 6 Jahren mit Parkinson. Der leidenschaftliche Koch h\u00e4lt seine Momente des kulinarischen Gl\u00fccks in Form von farblich verr\u00fcckten Pasta-Kreationen fest.<\/p>\n\n\n\n<p class=\"has-medium-font-size\"><strong>Parkinson Chor<\/strong> mit Xenia Zampieri, Chorleiterin und ausgebildete S\u00e4ngerin:&nbsp;Parkinsonbetroffene treffen sich regelm\u00e4ssig, um ihre Freude am Singen zu teilen und ihre Stimmen in kreativen Wegen erklingen zu lassen.<\/p>\n\n\n\n<p class=\"has-medium-font-size\"><strong>Parki Dance <\/strong>mit Silena Bertolino: Parkinsonbetroffene treffen sich regelm\u00e4ssig unter der Leitung der ausgebildeten T\u00e4nzerin, um sich frei zur Musik zu bewegen und ihre Kreativit\u00e4t dabei zu entfalten.<\/p>\n","protected":false},"featured_media":11988,"comment_status":"closed","ping_status":"closed","template":"","video_category":[188],"video_genre":[],"video_tag":[],"video_label":[],"video_year":[],"class_list":["post-11990","haru_video","type-haru_video","status-publish","has-post-thumbnail","hentry","video_category-featured"],"_links":{"self":[{"href":"https:\/\/fernwerkfilms.ch\/index.php?rest_route=\/wp\/v2\/haru_video\/11990","targetHints":{"allow":["GET"]}}],"collection":[{"href":"https:\/\/fernwerkfilms.ch\/index.php?rest_route=\/wp\/v2\/haru_video"}],"about":[{"href":"https:\/\/fernwerkfilms.ch\/index.php?rest_route=\/wp\/v2\/types\/haru_video"}],"replies":[{"embeddable":true,"href":"https:\/\/fernwerkfilms.ch\/index.php?rest_route=%2Fwp%2Fv2%2Fcomments&post=11990"}],"wp:featuredmedia":[{"embeddable":true,"href":"https:\/\/fernwerkfilms.ch\/index.php?rest_route=\/wp\/v2\/media\/11988"}],"wp:attachment":[{"href":"https:\/\/fernwerkfilms.ch\/index.php?rest_route=%2Fwp%2Fv2%2Fmedia&parent=11990"}],"wp:term":[{"taxonomy":"video_category","embeddable":true,"href":"https:\/\/fernwerkfilms.ch\/index.php?rest_route=%2Fwp%2Fv2%2Fvideo_category&post=11990"},{"taxonomy":"video_genre","embeddable":true,"href":"https:\/\/fernwerkfilms.ch\/index.php?rest_route=%2Fwp%2Fv2%2Fvideo_genre&post=11990"},{"taxonomy":"video_tag","embeddable":true,"href":"https:\/\/fernwerkfilms.ch\/index.php?rest_route=%2Fwp%2Fv2%2Fvideo_tag&post=11990"},{"taxonomy":"video_label","embeddable":true,"href":"https:\/\/fernwerkfilms.ch\/index.php?rest_route=%2Fwp%2Fv2%2Fvideo_label&post=11990"},{"taxonomy":"video_year","embeddable":true,"href":"https:\/\/fernwerkfilms.ch\/index.php?rest_route=%2Fwp%2Fv2%2Fvideo_year&post=11990"}],"curies":[{"name":"wp","href":"https:\/\/api.w.org\/{rel}","templated":true}]}}